{"id":14,"date":"2016-03-17T15:51:16","date_gmt":"2016-03-17T14:51:16","guid":{"rendered":"http:\/\/gabinetnaszeserce.pl\/?page_id=14"},"modified":"2023-11-16T13:33:29","modified_gmt":"2023-11-16T12:33:29","slug":"kardiolog","status":"publish","type":"page","link":"https:\/\/gabinetnaszeserce.pl\/index.php\/kardiolog\/","title":{"rendered":"Kardiolog"},"content":{"rendered":"<p><img loading=\"lazy\" class=\"wp-image-157 aligncenter\" src=\"https:\/\/gabinetnaszeserce.pl\/wp-content\/uploads\/2016\/03\/naszesercelogopoprawka3-768x203-2-300x79.png\" alt=\"naszesercelogopoprawka3-768x203\" width=\"406\" height=\"107\" srcset=\"https:\/\/gabinetnaszeserce.pl\/wp-content\/uploads\/2016\/03\/naszesercelogopoprawka3-768x203-2-300x79.png 300w, https:\/\/gabinetnaszeserce.pl\/wp-content\/uploads\/2016\/03\/naszesercelogopoprawka3-768x203-2.png 768w\" sizes=\"(max-width: 406px) 100vw, 406px\" \/><\/p>\n<p style=\"text-align: center;\"><b><i>\u00a0<\/i><\/b><\/p>\n<p><img loading=\"lazy\" class=\"size-medium wp-image-485 aligncenter\" src=\"https:\/\/gabinetnaszeserce.pl\/wp-content\/uploads\/2016\/03\/po-korekcie-247x300.jpg\" alt=\"SONY DSC\" width=\"247\" height=\"300\" srcset=\"https:\/\/gabinetnaszeserce.pl\/wp-content\/uploads\/2016\/03\/po-korekcie-247x300.jpg 247w, https:\/\/gabinetnaszeserce.pl\/wp-content\/uploads\/2016\/03\/po-korekcie-768x934.jpg 768w, https:\/\/gabinetnaszeserce.pl\/wp-content\/uploads\/2016\/03\/po-korekcie-842x1024.jpg 842w\" sizes=\"(max-width: 247px) 100vw, 247px\" \/><\/p>\n<p style=\"text-align: center;\"><strong>Prof. dr hab. n. med. Miros\u0142aw Kowalski<\/strong><\/p>\n<p style=\"text-align: justify;\">Lekarz medycyny, absolwent Wydzia\u0142u Lekarskiego Uniwersytetu Medycznego w Warszawie, specjalista kardiolog, profesor doktor habilitowany, zast\u0119pca kierownika kliniki w Instytucie Kardiologii w Aninie.\u00a0 Jest redaktorem i wsp\u00f3\u0142redaktorem ksi\u0105\u017cek naukowych, autorem ponad stu prac, opublikowanych w Polsce i za granic\u0105, odnosz\u0105cych si\u0119 do tematyki wad wrodzonych serca u doros\u0142ych, roli uk\u0142adu autonomicznego w regulacji uk\u0142adu kr\u0105\u017cenia, echokardiografii. Jest jednym z pionier\u00f3w nowoczesnych technik diagnostyki ultrad\u017awi\u0119kowej serca, absolwentem kursu obrazowania medycznego (Master of Medical Imaging), organizowanego na Uniwersytecie w Lueven\u2013 Belgia.<\/p>\n<p style=\"text-align: justify;\">Cz\u0142owiek wielu pasji i zainteresowa\u0144. Absolwent szko\u0142y muzycznej, podr\u00f3\u017cnik, fotografik, mi\u0142o\u015bnik obcych kultur.\u00a0\u00a0 Autor wystawy fotograficznej &#8222;Iran spokojne spojrzenie&#8221; &#8211; Muzeum Ziemi Polskiej Akademii Nauk (2004), autor ksi\u0105\u017cki o Afryce &#8222;Szkatu\u0142ka pe\u0142na Sahelu. Subsaharyjska ballada&#8221; &#8211; Bezdro\u017ca (2012), cyklu felieton\u00f3w &#8222;W\u0119drowanie pozostanie&#8221; &#8211; Puls Medycyny (2018-2019).<\/p>\n<p><img loading=\"lazy\" class=\"alignnone size-medium wp-image-400 aligncenter\" style=\"margin-top: 50px!important;\" src=\"https:\/\/gabinetnaszeserce.pl\/wp-content\/uploads\/2016\/03\/dr-urszula-skrzypczynska-banasik-205x300.png\" alt=\"dr-urszula-skrzypczynska-banasik\" width=\"205\" height=\"300\" srcset=\"https:\/\/gabinetnaszeserce.pl\/wp-content\/uploads\/2016\/03\/dr-urszula-skrzypczynska-banasik-205x300.png 205w, https:\/\/gabinetnaszeserce.pl\/wp-content\/uploads\/2016\/03\/dr-urszula-skrzypczynska-banasik.png 600w\" sizes=\"(max-width: 205px) 100vw, 205px\" \/><\/p>\n<p style=\"text-align: center;\"><strong>Dr Urszula Skrzypczynska-Banasik<\/strong><\/p>\n<p>Absolwentka I Wydzia\u0142u Lekarskiego Warszawskiego Uniwersytetu Medycznego (dawniej Akademia Medyczna w Warszawie), specjalista kardiolog. Od pocz\u0105tku 2015 roku pracownik Kliniki Wad Wrodzonych Serca Instytutu Kardiologii w Warszawie-Aninie. Wcze\u015bniej do\u015bwiadczenie zawodowe zdobyte w czasie pracy w Klinice Kardiologii i Nadci\u015bnienia T\u0119tniczego Centralnego Szpitala Klinicznego MSWiA w Warszawie.\u00a0 W czasie studi\u00f3w stypendystka programu wymiany studenckiej na Uniwersytecie w Sienie. Zainteresowania zawodowe obejmuj\u0105 leczenie nadci\u015bnienia t\u0119tniczego krwi, niewydolno\u015bci serca, prowadzenie pacjent\u00f3w z wrodzonymi i nabytymi wadami serca.<\/p>\n<p><img loading=\"lazy\" class=\"size-medium wp-image-547 aligncenter\" src=\"https:\/\/gabinetnaszeserce.pl\/wp-content\/uploads\/2016\/03\/145191267_2817592805235543_9107623057298787659_n-196x300.jpg\" alt=\"145191267_2817592805235543_9107623057298787659_n\" width=\"196\" height=\"300\" srcset=\"https:\/\/gabinetnaszeserce.pl\/wp-content\/uploads\/2016\/03\/145191267_2817592805235543_9107623057298787659_n-196x300.jpg 196w, https:\/\/gabinetnaszeserce.pl\/wp-content\/uploads\/2016\/03\/145191267_2817592805235543_9107623057298787659_n-768x1178.jpg 768w, https:\/\/gabinetnaszeserce.pl\/wp-content\/uploads\/2016\/03\/145191267_2817592805235543_9107623057298787659_n-668x1024.jpg 668w, https:\/\/gabinetnaszeserce.pl\/wp-content\/uploads\/2016\/03\/145191267_2817592805235543_9107623057298787659_n.jpg 1296w\" sizes=\"(max-width: 196px) 100vw, 196px\" \/><\/p>\n<p style=\"text-align: center;\"><strong>Dr n. med. Ewa Warcho\u0142-Celi\u0144ska<\/strong><\/p>\n<p>Specjalista kardiologii w Narodowym Instytucie Kardiologii w Warszawie, doktor nauk medycznych w dziedzinie kardiologii, magister psychologii. Od pocz\u0105tku pracy zawodowej zwi\u0105zana z Narodowym Instytutem Kardiologii w Warszawie (Aninie). W latach 2011 &#8211; 2020 do\u015bwiadczenie kliniczne zdobywa\u0142a w Klinice Nadci\u015bnienia T\u0119tniczego, gdzie leczy\u0142a pacjent\u00f3w z pe\u0142nym profilem schorze\u0144 pacjent\u00f3w kardiologicznych. Obecnie pracuje w Klinice Wad Wrodzonych Serca, gdzie poszerza swoje do\u015bwiadczenie kardiologiczne o leczenie pacjent\u00f3w z wadami serca oraz doskonali umiej\u0119tno\u015bci w zakresie diagnostyki echokardiograficznej.<\/p>\n<p>Dr Ewa Warcho\u0142-Celi\u0144ska prowadzi r\u00f3wnie\u017c aktywn\u0105 dzia\u0142alno\u015bci\u0105 naukow\u0105. Jest pierwszym autorem i wsp\u00f3\u0142autorem ponad 40 publikacji w wiod\u0105cych czasopismach naukowych, kt\u00f3rych \u0142\u0105czny impact factor przekracza 120. Bierze czynny udzia\u0142 w wielu konferencjach polskich i mi\u0119dzynarodowych. W codziennej pracy \u0142\u0105czy swoje dwie pasje: kardiologi\u0119 i psychologi\u0119. W opiece nad pacjentami opiera si\u0119 na zdobytym do\u015bwiadczeniu klinicznym, aktualnej wiedzy oraz otwartej komunikacji, \u0142\u0105cz\u0105c post\u0119powanie diagnostyczne i leczenie\u00a0 z indywidualnym podej\u015bciem do pacjenta i jego potrzeb.<\/p>\n<p style=\"text-align: center;\">\n","protected":false},"excerpt":{"rendered":"<p>\u00a0 Prof. dr hab. n. med. Miros\u0142aw Kowalski Lekarz medycyny, absolwent Wydzia\u0142u Lekarskiego Uniwersytetu Medycznego w Warszawie, specjalista kardiolog, profesor doktor habilitowany, zast\u0119pca kierownika kliniki w Instytucie Kardiologii w Aninie.\u00a0 Jest redaktorem i wsp\u00f3\u0142redaktorem ksi\u0105\u017cek naukowych, autorem ponad stu prac, opublikowanych w Polsce i za granic\u0105, odnosz\u0105cych si\u0119 do tematyki wad wrodzonych serca u doros\u0142ych, [&hellip;]<\/p>\n","protected":false},"author":1,"featured_media":0,"parent":0,"menu_order":0,"comment_status":"closed","ping_status":"closed","template":"","meta":[],"_links":{"self":[{"href":"https:\/\/gabinetnaszeserce.pl\/index.php\/wp-json\/wp\/v2\/pages\/14"}],"collection":[{"href":"https:\/\/gabinetnaszeserce.pl\/index.php\/wp-json\/wp\/v2\/pages"}],"about":[{"href":"https:\/\/gabinetnaszeserce.pl\/index.php\/wp-json\/wp\/v2\/types\/page"}],"author":[{"embeddable":true,"href":"https:\/\/gabinetnaszeserce.pl\/index.php\/wp-json\/wp\/v2\/users\/1"}],"replies":[{"embeddable":true,"href":"https:\/\/gabinetnaszeserce.pl\/index.php\/wp-json\/wp\/v2\/comments?post=14"}],"version-history":[{"count":49,"href":"https:\/\/gabinetnaszeserce.pl\/index.php\/wp-json\/wp\/v2\/pages\/14\/revisions"}],"predecessor-version":[{"id":566,"href":"https:\/\/gabinetnaszeserce.pl\/index.php\/wp-json\/wp\/v2\/pages\/14\/revisions\/566"}],"wp:attachment":[{"href":"https:\/\/gabinetnaszeserce.pl\/index.php\/wp-json\/wp\/v2\/media?parent=14"}],"curies":[{"name":"wp","href":"https:\/\/api.w.org\/{rel}","templated":true}]}}