{"id":12,"date":"2016-03-17T15:50:12","date_gmt":"2016-03-17T14:50:12","guid":{"rendered":"http:\/\/gabinetnaszeserce.pl\/?page_id=12"},"modified":"2020-10-27T09:52:19","modified_gmt":"2020-10-27T08:52:19","slug":"galeria-zdjec","status":"publish","type":"page","link":"https:\/\/gabinetnaszeserce.pl\/index.php\/galeria-zdjec\/","title":{"rendered":"Galeria zdj\u0119\u0107"},"content":{"rendered":"<p><img loading=\"lazy\" class=\" wp-image-157 aligncenter\" src=\"https:\/\/gabinetnaszeserce.pl\/wp-content\/uploads\/2016\/03\/naszesercelogopoprawka3-768x203-2-300x79.png\" alt=\"naszesercelogopoprawka3-768x203\" width=\"406\" height=\"107\" srcset=\"https:\/\/gabinetnaszeserce.pl\/wp-content\/uploads\/2016\/03\/naszesercelogopoprawka3-768x203-2-300x79.png 300w, https:\/\/gabinetnaszeserce.pl\/wp-content\/uploads\/2016\/03\/naszesercelogopoprawka3-768x203-2.png 768w\" sizes=\"(max-width: 406px) 100vw, 406px\" \/><\/p>\n<p>&nbsp;<\/p>\n<p>Uroczysto\u015b\u0107 otwarcia gabinetu 13 lipca 2009 roku:<\/p>\n<p><a href=\"https:\/\/gabinetnaszeserce.pl\/wp-content\/uploads\/2016\/03\/2d.jpg\"><img loading=\"lazy\" class=\"alignnone wp-image-264 size-full\" src=\"https:\/\/gabinetnaszeserce.pl\/wp-content\/uploads\/2016\/03\/2m.jpg\" width=\"240\" height=\"230\" \/><\/a> <a href=\"https:\/\/gabinetnaszeserce.pl\/wp-content\/uploads\/2016\/03\/1d.jpg\"><img loading=\"lazy\" class=\"alignnone wp-image-262 size-full\" src=\"https:\/\/gabinetnaszeserce.pl\/wp-content\/uploads\/2016\/03\/1m.jpg\" width=\"240\" height=\"230\" \/><\/a> <a href=\"https:\/\/gabinetnaszeserce.pl\/wp-content\/uploads\/2016\/03\/3d.jpg\"><img loading=\"lazy\" class=\"alignnone wp-image-265 size-full\" src=\"https:\/\/gabinetnaszeserce.pl\/wp-content\/uploads\/2016\/03\/3m.jpg\" width=\"240\" height=\"230\" \/><\/a><\/p>\n<p>Profesor Miros\u0142aw Kowalski w pracy:<\/p>\n<p><a href=\"https:\/\/gabinetnaszeserce.pl\/wp-content\/uploads\/2016\/03\/4d.jpg\"><img loading=\"lazy\" class=\"alignnone wp-image-266 size-full\" src=\"https:\/\/gabinetnaszeserce.pl\/wp-content\/uploads\/2016\/03\/4m.jpg\" width=\"240\" height=\"230\" \/><\/a> <img loading=\"lazy\" class=\"alignnone wp-image-267 size-full\" src=\"https:\/\/gabinetnaszeserce.pl\/wp-content\/uploads\/2016\/03\/5m.jpg\" width=\"240\" height=\"230\" \/> <a href=\"https:\/\/gabinetnaszeserce.pl\/wp-content\/uploads\/2016\/03\/6d.jpg\"><img loading=\"lazy\" class=\"alignnone wp-image-268 size-full\" src=\"https:\/\/gabinetnaszeserce.pl\/wp-content\/uploads\/2016\/03\/6m.jpg\" width=\"240\" height=\"230\" \/><\/a> <a href=\"https:\/\/gabinetnaszeserce.pl\/wp-content\/uploads\/2016\/03\/7d.jpg\"><img loading=\"lazy\" class=\"alignnone wp-image-269 size-full\" src=\"https:\/\/gabinetnaszeserce.pl\/wp-content\/uploads\/2016\/03\/7m.jpg\" width=\"240\" height=\"230\" \/><\/a><\/p>\n<p>&nbsp;<\/p>\n<p>Badanie echokardiograficzne:<\/p>\n<p><a href=\"https:\/\/gabinetnaszeserce.pl\/wp-content\/uploads\/2016\/03\/8d.jpg\"><img loading=\"lazy\" class=\"alignnone wp-image-270 size-full\" src=\"https:\/\/gabinetnaszeserce.pl\/wp-content\/uploads\/2016\/03\/8m.jpg\" width=\"240\" height=\"230\" \/><\/a><\/p>\n<p>&nbsp;<\/p>\n<p>Mgr Anna Zuzanna Majewska &#8211; psychoterapeuta:<\/p>\n<p><a href=\"https:\/\/gabinetnaszeserce.pl\/wp-content\/uploads\/2016\/03\/9d.jpg\"><img loading=\"lazy\" class=\"alignnone wp-image-271 size-full\" src=\"https:\/\/gabinetnaszeserce.pl\/wp-content\/uploads\/2016\/03\/9m.jpg\" width=\"240\" height=\"230\" \/><\/a><\/p>\n<p>&nbsp;<\/p>\n<p>Mgr Aneta Szaron &#8211; psychoterapeuta (wsp\u00f3\u0142pracuj\u0105ca z gabinetem w przesz\u0142o\u015bci):<\/p>\n<p><a href=\"https:\/\/gabinetnaszeserce.pl\/wp-content\/uploads\/2016\/03\/10d.jpg\"><img loading=\"lazy\" class=\"alignnone wp-image-272 size-full\" src=\"https:\/\/gabinetnaszeserce.pl\/wp-content\/uploads\/2016\/03\/10m.jpg\" width=\"240\" height=\"230\" \/><\/a> <a href=\"https:\/\/gabinetnaszeserce.pl\/wp-content\/uploads\/2016\/03\/11d.jpg\"><img loading=\"lazy\" class=\"alignnone wp-image-273 size-full\" src=\"https:\/\/gabinetnaszeserce.pl\/wp-content\/uploads\/2016\/03\/11m.jpg\" width=\"240\" height=\"230\" \/><\/a><\/p>\n<p>&nbsp;<\/p>\n<p>Recepcja, salonik artystyczny:<\/p>\n<p><a href=\"https:\/\/gabinetnaszeserce.pl\/wp-content\/uploads\/2016\/03\/12d.jpg\"><img loading=\"lazy\" class=\"alignnone wp-image-275 size-full\" src=\"https:\/\/gabinetnaszeserce.pl\/wp-content\/uploads\/2016\/03\/12m.jpg\" width=\"240\" height=\"230\" \/><\/a> <a href=\"https:\/\/gabinetnaszeserce.pl\/wp-content\/uploads\/2016\/03\/13d.jpg\"><img loading=\"lazy\" class=\"alignnone wp-image-276 size-full\" src=\"https:\/\/gabinetnaszeserce.pl\/wp-content\/uploads\/2016\/03\/13m.jpg\" width=\"240\" height=\"230\" \/><\/a><\/p>\n<p>&nbsp;<\/p>\n<p>Poczekalnia:<\/p>\n<p><a href=\"https:\/\/gabinetnaszeserce.pl\/wp-content\/uploads\/2016\/03\/14d.jpg\"><img loading=\"lazy\" class=\"alignnone wp-image-277 size-full\" src=\"https:\/\/gabinetnaszeserce.pl\/wp-content\/uploads\/2016\/03\/14m.jpg\" width=\"240\" height=\"230\" \/><\/a><\/p>\n","protected":false},"excerpt":{"rendered":"<p>&nbsp; Uroczysto\u015b\u0107 otwarcia gabinetu 13 lipca 2009 roku: Profesor Miros\u0142aw Kowalski w pracy: &nbsp; Badanie echokardiograficzne: &nbsp; Mgr Anna Zuzanna Majewska &#8211; psychoterapeuta: &nbsp; Mgr Aneta Szaron &#8211; psychoterapeuta (wsp\u00f3\u0142pracuj\u0105ca z gabinetem w przesz\u0142o\u015bci): &nbsp; Recepcja, salonik artystyczny: &nbsp; Poczekalnia:<\/p>\n","protected":false},"author":1,"featured_media":0,"parent":0,"menu_order":0,"comment_status":"closed","ping_status":"closed","template":"","meta":[],"_links":{"self":[{"href":"https:\/\/gabinetnaszeserce.pl\/index.php\/wp-json\/wp\/v2\/pages\/12"}],"collection":[{"href":"https:\/\/gabinetnaszeserce.pl\/index.php\/wp-json\/wp\/v2\/pages"}],"about":[{"href":"https:\/\/gabinetnaszeserce.pl\/index.php\/wp-json\/wp\/v2\/types\/page"}],"author":[{"embeddable":true,"href":"https:\/\/gabinetnaszeserce.pl\/index.php\/wp-json\/wp\/v2\/users\/1"}],"replies":[{"embeddable":true,"href":"https:\/\/gabinetnaszeserce.pl\/index.php\/wp-json\/wp\/v2\/comments?post=12"}],"version-history":[{"count":31,"href":"https:\/\/gabinetnaszeserce.pl\/index.php\/wp-json\/wp\/v2\/pages\/12\/revisions"}],"predecessor-version":[{"id":494,"href":"https:\/\/gabinetnaszeserce.pl\/index.php\/wp-json\/wp\/v2\/pages\/12\/revisions\/494"}],"wp:attachment":[{"href":"https:\/\/gabinetnaszeserce.pl\/index.php\/wp-json\/wp\/v2\/media?parent=12"}],"curies":[{"name":"wp","href":"https:\/\/api.w.org\/{rel}","templated":true}]}}